{"id":23329,"date":"2026-06-05T09:51:04","date_gmt":"2026-06-05T08:51:04","guid":{"rendered":"https:\/\/www.ipn.pt\/?post_type=tribe_events&#038;p=23329"},"modified":"2026-06-23T11:55:02","modified_gmt":"2026-06-23T10:55:02","slug":"webinar-nato-diana-prepare-a-candidatura-aos-challenges-2027","status":"publish","type":"tribe_events","link":"https:\/\/www.ipn.pt\/en\/evento\/webinar-nato-diana-prepare-a-candidatura-aos-challenges-2027\/","title":{"rendered":"Webinar NATO DIANA | Prepare Your Application for the 2027 Challenges"},"content":{"rendered":"<div  class=\"tribe-events-schedule tribe-clearfix\" >\n\t<p class=\"tribe-events-schedule__datetime\">\n\t\t<span class=\"tribe-events-schedule__date tribe-events-schedule__date--start\">\n\t\t\t9 June\t\t<\/span>\n\n\t\t\t\t\t<span class=\"tribe-events-schedule__separator tribe-events-schedule__separator--date\">\n\t\t\t\t @ \t\t\t<\/span>\n\t\t\t<span class=\"tribe-events-schedule__time tribe-events-schedule__time--start\">\n\t\t\t\t10:00\t\t\t<\/span>\n\t\t\n\t\t\t\t\t\t\t\t\t<span class=\"tribe-events-schedule__separator tribe-events-schedule__separator--time\">\n\t\t\t\t\t \u2013 \t\t\t\t<\/span>\n\t\t\t\n\t\t\t\t\t\t\t<span class=\"tribe-events-schedule__time tribe-events-schedule__time--end\">\n\t\t\t\t\t12:00\t\t\t\t<\/span>\n\t\t\t\n\t\t\t\t\t\t<\/p>\n<\/div>\n\n\n\n<p class=\"wp-block-paragraph\">O Instituto Pedro Nunes (IPN) e a idD Portugal Defence promovem, no dia 9 de junho, \u00e0s 10h00, o webinar \u201cNATO DIANA \u2013 Prepare a candidatura aos Challenges 2027\u201d, uma sess\u00e3o informativa dirigida a empresas, startups, centros de I&amp;D e outros agentes do ecossistema nacional de inova\u00e7\u00e3o interessados em desenvolver tecnologias de duplo uso com potencial de aplica\u00e7\u00e3o nos setores da Defesa e da Seguran\u00e7a.<\/p>\n\n\n<div  class=\"tribe-block tribe-block__event-price\" >\n\t\t<\/div>\n\n\n\n\n<div  class=\"tribe-block tribe-block__venue tribe-clearfix\" >\n\t\n\t\t\n\t<\/div>\n\n\n\n\n\t<div  class=\"tribe-block tribe-block__events-link\" >\n\t\t<div class=\"tribe-events tribe-common\">\n\t\t\t<div class=\"tribe-events-c-subscribe-dropdown__container\">\n\t\t\t\t<div class=\"tribe-events-c-subscribe-dropdown\">\n\t\t\t\t\t<div class=\"tribe-common-c-btn-border tribe-events-c-subscribe-dropdown__button\">\n\t\t\t\t\t\t<svg\n\t class=\"tribe-common-c-svgicon tribe-common-c-svgicon--cal-export tribe-events-c-subscribe-dropdown__export-icon\" \taria-hidden=\"true\"\n\tviewbox=\"0 0 23 17\"\n\txmlns=\"http:\/\/www.w3.org\/2000\/svg\"\n>\n\t<path fill-rule=\"evenodd\" clip-rule=\"evenodd\" d=\"M.128.896V16.13c0 .211.145.383.323.383h15.354c.179 0 .323-.172.323-.383V.896c0-.212-.144-.383-.323-.383H.451C.273.513.128.684.128.896Zm16 6.742h-.901V4.679H1.009v10.729h14.218v-3.336h.901V7.638ZM1.01 1.614h14.218v2.058H1.009V1.614Z\" \/>\n\t<path d=\"M20.5 9.846H8.312M18.524 6.953l2.89 2.909-2.855 2.855\" stroke-width=\"1.2\" stroke-linecap=\"round\" stroke-linejoin=\"round\"\/>\n<\/svg>\n\t\t\t\t\t\t<button\n\t\t\t\t\t\t\tclass=\"tribe-events-c-subscribe-dropdown__button-text\"\n\t\t\t\t\t\t\taria-expanded=\"false\"\n\t\t\t\t\t\t\taria-controls=\"tribe-events-subscribe-dropdown-content\"\n\t\t\t\t\t\t\taria-label=\"View links to add events to your calendar\"\n\t\t\t\t\t\t>\n\t\t\t\t\t\t\tAdd to calendar\t\t\t\t\t\t<\/button>\n\t\t\t\t\t\t<svg\n\t class=\"tribe-common-c-svgicon tribe-common-c-svgicon--caret-down tribe-events-c-subscribe-dropdown__button-icon\" \taria-hidden=\"true\"\n\tviewbox=\"0 0 10 7\"\n\txmlns=\"http:\/\/www.w3.org\/2000\/svg\"\n>\n\t<path fill-rule=\"evenodd\" clip-rule=\"evenodd\" d=\"M1.008.609L5 4.6 8.992.61l.958.958L5 6.517.05 1.566l.958-.958z\" class=\"tribe-common-c-svgicon__svg-fill\"\/>\n<\/svg>\n\t\t\t\t\t<\/div>\n\t\t\t\t\t<div id=\"tribe-events-subscribe-dropdown-content\" class=\"tribe-events-c-subscribe-dropdown__content\">\n\t\t\t\t\t\t<ul class=\"tribe-events-c-subscribe-dropdown__list\">\n\t\t\t\t\t\t\t\t\t\t\t\t\t\t\t<li class=\"tribe-events-c-subscribe-dropdown__list-item tribe-events-c-subscribe-dropdown__list-item--gcal\">\n\t\t\t\t\t\t\t\t\t<a\n\t\t\t\t\t\t\t\t\t\thref=\"https:\/\/www.google.com\/calendar\/event?action=TEMPLATE&#038;dates=20260609T100000\/20260609T120000&#038;text=Webinar%20NATO%20DIANA%20%7C%20Prepare%20a%20candidatura%20aos%20Challenges%202027&#038;details=%3Cp%3EO+Instituto+Pedro+Nunes+%28IPN%29+e+a+idD+Portugal+Defence+promovem%2C+no+dia+9+de+junho%2C+%C3%A0s+10h00%2C+o+webinar+%E2%80%9CNATO+DIANA+%E2%80%93+Prepare+a+candidatura+aos+Challenges+2027%E2%80%9D%2C+uma+sess%C3%A3o+informativa+dirigida+a+empresas%2C+startups%2C+centros+de+I%26amp%3BD+e+outros+agentes+do+ecossistema+nacional+de+inova%C3%A7%C3%A3o+interessados+em+desenvolver+tecnologias+de+duplo+uso+com+potencial+de+aplica%C3%A7%C3%A3o+nos+setores+da+Defesa+e+da+Seguran%C3%A7a.%3C%2Fp%3E+%3Cp%3E%3C%2Fp%3E+&#038;trp=false&#038;ctz=Europe\/Lisbon&#038;sprop=website:https:\/\/www.ipn.pt\/en\"\n\t\t\t\t\t\t\t\t\t\tclass=\"tribe-events-c-subscribe-dropdown__list-item-link\"\n\t\t\t\t\t\t\t\t\t\ttarget=\"_blank\"\n\t\t\t\t\t\t\t\t\t\trel=\"noopener noreferrer nofollow noindex\"\n\t\t\t\t\t\t\t\t\t>\n\t\t\t\t\t\t\t\t\t\tGoogle Calendar\t\t\t\t\t\t\t\t\t<\/a>\n\t\t\t\t\t\t\t\t<\/li>\n\t\t\t\t\t\t\t\t\t\t\t\t\t\t\t<li class=\"tribe-events-c-subscribe-dropdown__list-item tribe-events-c-subscribe-dropdown__list-item--ical\">\n\t\t\t\t\t\t\t\t\t<a\n\t\t\t\t\t\t\t\t\t\thref=\"\"\n\t\t\t\t\t\t\t\t\t\tclass=\"tribe-events-c-subscribe-dropdown__list-item-link\"\n\t\t\t\t\t\t\t\t\t\ttarget=\"_blank\"\n\t\t\t\t\t\t\t\t\t\trel=\"noopener noreferrer nofollow noindex\"\n\t\t\t\t\t\t\t\t\t>\n\t\t\t\t\t\t\t\t\t\tiCalendar\t\t\t\t\t\t\t\t\t<\/a>\n\t\t\t\t\t\t\t\t<\/li>\n\t\t\t\t\t\t\t\t\t\t\t\t\t\t\t<li class=\"tribe-events-c-subscribe-dropdown__list-item tribe-events-c-subscribe-dropdown__list-item--outlook-365\">\n\t\t\t\t\t\t\t\t\t<a\n\t\t\t\t\t\t\t\t\t\thref=\"\"\n\t\t\t\t\t\t\t\t\t\tclass=\"tribe-events-c-subscribe-dropdown__list-item-link\"\n\t\t\t\t\t\t\t\t\t\ttarget=\"_blank\"\n\t\t\t\t\t\t\t\t\t\trel=\"noopener noreferrer nofollow noindex\"\n\t\t\t\t\t\t\t\t\t>\n\t\t\t\t\t\t\t\t\t\tOutlook 365\t\t\t\t\t\t\t\t\t<\/a>\n\t\t\t\t\t\t\t\t<\/li>\n\t\t\t\t\t\t\t\t\t\t\t\t\t\t\t<li class=\"tribe-events-c-subscribe-dropdown__list-item tribe-events-c-subscribe-dropdown__list-item--outlook-live\">\n\t\t\t\t\t\t\t\t\t<a\n\t\t\t\t\t\t\t\t\t\thref=\"\"\n\t\t\t\t\t\t\t\t\t\tclass=\"tribe-events-c-subscribe-dropdown__list-item-link\"\n\t\t\t\t\t\t\t\t\t\ttarget=\"_blank\"\n\t\t\t\t\t\t\t\t\t\trel=\"noopener noreferrer nofollow noindex\"\n\t\t\t\t\t\t\t\t\t>\n\t\t\t\t\t\t\t\t\t\tOutlook Live\t\t\t\t\t\t\t\t\t<\/a>\n\t\t\t\t\t\t\t\t<\/li>\n\t\t\t\t\t\t\t\t\t\t\t\t\t<\/ul>\n\t\t\t\t\t<\/div>\n\t\t\t\t<\/div>\n\t\t\t<\/div>\n\t\t<\/div>\n\t<\/div>\n\n\n\n\n<p class=\"wp-block-paragraph\"><\/p>","protected":false},"excerpt":{"rendered":"<p>O Instituto Pedro Nunes (IPN) e a idD Portugal Defence promovem, no dia 9 de junho, \u00e0s 10h00, o webinar \u201cNATO DIANA \u2013 Prepare a candidatura aos Challenges 2027\u201d, uma [&hellip;]<\/p>\n","protected":false},"author":9,"featured_media":23291,"template":"","meta":{"_acf_changed":false,"_tec_requires_first_save":false,"_EventAllDay":false,"_EventTimezone":"Europe\/Lisbon","_EventStartDate":"2026-06-09 10:00:00","_EventEndDate":"2026-06-09 12:00:00","_EventStartDateUTC":"2026-06-09 09:00:00","_EventEndDateUTC":"2026-06-09 11:00:00","_EventShowMap":false,"_EventShowMapLink":false,"_EventURL":"","_EventCost":"","_EventCostDescription":"","_EventCurrencySymbol":"\u20ac","_EventCurrencyCode":"EUR","_EventCurrencyPosition":"prefix","_EventDateTimeSeparator":" @ ","_EventTimeRangeSeparator":" \u2013 ","_EventOrganizerID":[],"_EventVenueID":[],"_OrganizerEmail":"","_OrganizerPhone":"","_OrganizerWebsite":"","_VenueAddress":"","_VenueCity":"","_VenueCountry":"","_VenueProvince":"","_VenueState":"","_VenueZip":"","_VenuePhone":"","_VenueURL":"","_VenueStateProvince":"","_VenueLat":"","_VenueLng":"","_VenueShowMap":false,"_VenueShowMapLink":false,"_tribe_blocks_recurrence_rules":"","_tribe_blocks_recurrence_description":"","_tribe_blocks_recurrence_exclusions":"","_tribe_events_status":"","_tribe_events_status_reason":"","_tribe_events_is_hybrid":"","_tribe_events_is_virtual":"","_tribe_events_virtual_video_source":"","_tribe_events_virtual_embed_video":"","_tribe_events_virtual_linked_button_text":"","_tribe_events_virtual_linked_button":"","_tribe_events_virtual_show_embed_at":"","_tribe_events_virtual_show_embed_to":[],"_tribe_events_virtual_show_on_event":"","_tribe_events_virtual_show_on_views":"","_tribe_events_virtual_url":"","footnotes":""},"tags":[259],"tribe_events_cat":[],"class_list":["post-23329","tribe_events","type-tribe_events","status-publish","has-post-thumbnail","hentry","tag-nato-diana"],"acf":[],"yoast_head":"<!-- This site is optimized with the Yoast SEO plugin v28.0 - https:\/\/yoast.com\/product\/yoast-seo-wordpress\/ -->\n<title>Webinar NATO DIANA | Prepare a candidatura aos Challenges 2027 | Instituto Pedro Nunes<\/title>\n<meta name=\"robots\" content=\"index, follow, max-snippet:-1, max-image-preview:large, max-video-preview:-1\" \/>\n<link rel=\"canonical\" href=\"https:\/\/www.ipn.pt\/en\/evento\/webinar-nato-diana-prepare-a-candidatura-aos-challenges-2027\/\" \/>\n<meta property=\"og:locale\" content=\"en_GB\" \/>\n<meta property=\"og:type\" content=\"article\" \/>\n<meta property=\"og:title\" content=\"Webinar NATO DIANA | Prepare a candidatura aos Challenges 2027 | Instituto Pedro Nunes\" \/>\n<meta property=\"og:description\" content=\"O Instituto Pedro Nunes (IPN) e a idD Portugal Defence promovem, no dia 9 de junho, \u00e0s 10h00, o webinar \u201cNATO DIANA \u2013 Prepare a candidatura aos Challenges 2027\u201d, uma [&hellip;]\" \/>\n<meta property=\"og:url\" content=\"https:\/\/www.ipn.pt\/en\/evento\/webinar-nato-diana-prepare-a-candidatura-aos-challenges-2027\/\" \/>\n<meta property=\"og:site_name\" content=\"Instituto Pedro Nunes\" \/>\n<meta property=\"article:publisher\" content=\"http:\/\/www.facebook.com\/institutopedronunes\" \/>\n<meta property=\"article:modified_time\" content=\"2026-06-23T10:55:02+00:00\" \/>\n<meta property=\"og:image\" content=\"https:\/\/www.ipn.pt\/wp-content\/uploads\/2026\/06\/image-36.png\" \/>\n\t<meta property=\"og:image:width\" content=\"2560\" \/>\n\t<meta property=\"og:image:height\" content=\"1440\" \/>\n\t<meta property=\"og:image:type\" content=\"image\/png\" \/>\n<meta name=\"twitter:card\" content=\"summary_large_image\" \/>\n<meta name=\"twitter:site\" content=\"@IPNunes\" \/>\n<meta name=\"twitter:label1\" content=\"Estimated reading time\" \/>\n\t<meta name=\"twitter:data1\" content=\"1 minute\" \/>\n<script type=\"application\/ld+json\" class=\"yoast-schema-graph\">{\"@context\":\"https:\\\/\\\/schema.org\",\"@graph\":[{\"@type\":\"WebPage\",\"@id\":\"https:\\\/\\\/www.ipn.pt\\\/evento\\\/webinar-nato-diana-prepare-a-candidatura-aos-challenges-2027\\\/\",\"url\":\"https:\\\/\\\/www.ipn.pt\\\/evento\\\/webinar-nato-diana-prepare-a-candidatura-aos-challenges-2027\\\/\",\"name\":\"Webinar NATO DIANA | Prepare a candidatura aos Challenges 2027 | Instituto Pedro Nunes\",\"isPartOf\":{\"@id\":\"https:\\\/\\\/www.ipn.pt\\\/#website\"},\"primaryImageOfPage\":{\"@id\":\"https:\\\/\\\/www.ipn.pt\\\/evento\\\/webinar-nato-diana-prepare-a-candidatura-aos-challenges-2027\\\/#primaryimage\"},\"image\":{\"@id\":\"https:\\\/\\\/www.ipn.pt\\\/evento\\\/webinar-nato-diana-prepare-a-candidatura-aos-challenges-2027\\\/#primaryimage\"},\"thumbnailUrl\":\"https:\\\/\\\/www.ipn.pt\\\/wp-content\\\/uploads\\\/2026\\\/06\\\/image-36.png\",\"datePublished\":\"2026-06-05T08:51:04+00:00\",\"dateModified\":\"2026-06-23T10:55:02+00:00\",\"breadcrumb\":{\"@id\":\"https:\\\/\\\/www.ipn.pt\\\/evento\\\/webinar-nato-diana-prepare-a-candidatura-aos-challenges-2027\\\/#breadcrumb\"},\"inLanguage\":\"en-GB\",\"potentialAction\":[{\"@type\":\"ReadAction\",\"target\":[\"https:\\\/\\\/www.ipn.pt\\\/evento\\\/webinar-nato-diana-prepare-a-candidatura-aos-challenges-2027\\\/\"]}]},{\"@type\":\"ImageObject\",\"inLanguage\":\"en-GB\",\"@id\":\"https:\\\/\\\/www.ipn.pt\\\/evento\\\/webinar-nato-diana-prepare-a-candidatura-aos-challenges-2027\\\/#primaryimage\",\"url\":\"https:\\\/\\\/www.ipn.pt\\\/wp-content\\\/uploads\\\/2026\\\/06\\\/image-36.png\",\"contentUrl\":\"https:\\\/\\\/www.ipn.pt\\\/wp-content\\\/uploads\\\/2026\\\/06\\\/image-36.png\",\"width\":2560,\"height\":1440},{\"@type\":\"BreadcrumbList\",\"@id\":\"https:\\\/\\\/www.ipn.pt\\\/evento\\\/webinar-nato-diana-prepare-a-candidatura-aos-challenges-2027\\\/#breadcrumb\",\"itemListElement\":[{\"@type\":\"ListItem\",\"position\":1,\"name\":\"In\u00edcio\",\"item\":\"https:\\\/\\\/www.ipn.pt\\\/\"},{\"@type\":\"ListItem\",\"position\":2,\"name\":\"Eventos\",\"item\":\"https:\\\/\\\/www.ipn.pt\\\/eventos\\\/\"},{\"@type\":\"ListItem\",\"position\":3,\"name\":\"Webinar NATO DIANA | Prepare a candidatura aos Challenges 2027\"}]},{\"@type\":\"WebSite\",\"@id\":\"https:\\\/\\\/www.ipn.pt\\\/#website\",\"url\":\"https:\\\/\\\/www.ipn.pt\\\/\",\"name\":\"IPN - Instituto Pedro Nunes\",\"description\":\"Criado por iniciativa da Universidade de Coimbra em 1990, o Instituto Pedro Nunes (IPN) \u00e9 uma institui\u00e7\u00e3o privada sem fins lucrativos, que visa promover a inova\u00e7\u00e3o e a transfer\u00eancia de tecnologia, estabelecendo a liga\u00e7\u00e3o entre o meio cient\u00edfico e tecnol\u00f3gico e o tecido produtivo.\",\"publisher\":{\"@id\":\"https:\\\/\\\/www.ipn.pt\\\/#organization\"},\"alternateName\":\"IPN\",\"potentialAction\":[{\"@type\":\"SearchAction\",\"target\":{\"@type\":\"EntryPoint\",\"urlTemplate\":\"https:\\\/\\\/www.ipn.pt\\\/?s={search_term_string}\"},\"query-input\":{\"@type\":\"PropertyValueSpecification\",\"valueRequired\":true,\"valueName\":\"search_term_string\"}}],\"inLanguage\":\"en-GB\"},{\"@type\":\"Organization\",\"@id\":\"https:\\\/\\\/www.ipn.pt\\\/#organization\",\"name\":\"IPN - Instituto Pedro Nunes\",\"alternateName\":\"IPN\",\"url\":\"https:\\\/\\\/www.ipn.pt\\\/\",\"logo\":{\"@type\":\"ImageObject\",\"inLanguage\":\"en-GB\",\"@id\":\"https:\\\/\\\/www.ipn.pt\\\/#\\\/schema\\\/logo\\\/image\\\/\",\"url\":\"https:\\\/\\\/www.ipn.pt\\\/wp-content\\\/uploads\\\/2025\\\/01\\\/IPN-Logo.svg\",\"contentUrl\":\"https:\\\/\\\/www.ipn.pt\\\/wp-content\\\/uploads\\\/2025\\\/01\\\/IPN-Logo.svg\",\"width\":99,\"height\":99,\"caption\":\"IPN - Instituto Pedro Nunes\"},\"image\":{\"@id\":\"https:\\\/\\\/www.ipn.pt\\\/#\\\/schema\\\/logo\\\/image\\\/\"},\"sameAs\":[\"http:\\\/\\\/www.facebook.com\\\/institutopedronunes\",\"https:\\\/\\\/x.com\\\/IPNunes\",\"http:\\\/\\\/www.linkedin.com\\\/company\\\/ipn\",\"http:\\\/\\\/www.youtube.com\\\/user\\\/InstitutoPedroNunes\",\"https:\\\/\\\/www.instagram.com\\\/institutopedronunes\\\/\"]}]}<\/script>\n<!-- \/ Yoast SEO plugin. -->","yoast_head_json":{"title":"Webinar NATO DIANA | Prepare a candidatura aos Challenges 2027 | Instituto Pedro Nunes","robots":{"index":"index","follow":"follow","max-snippet":"max-snippet:-1","max-image-preview":"max-image-preview:large","max-video-preview":"max-video-preview:-1"},"canonical":"https:\/\/www.ipn.pt\/en\/evento\/webinar-nato-diana-prepare-a-candidatura-aos-challenges-2027\/","og_locale":"en_GB","og_type":"article","og_title":"Webinar NATO DIANA | Prepare a candidatura aos Challenges 2027 | Instituto Pedro Nunes","og_description":"O Instituto Pedro Nunes (IPN) e a idD Portugal Defence promovem, no dia 9 de junho, \u00e0s 10h00, o webinar \u201cNATO DIANA \u2013 Prepare a candidatura aos Challenges 2027\u201d, uma [&hellip;]","og_url":"https:\/\/www.ipn.pt\/en\/evento\/webinar-nato-diana-prepare-a-candidatura-aos-challenges-2027\/","og_site_name":"Instituto Pedro Nunes","article_publisher":"http:\/\/www.facebook.com\/institutopedronunes","article_modified_time":"2026-06-23T10:55:02+00:00","og_image":[{"width":2560,"height":1440,"url":"https:\/\/www.ipn.pt\/wp-content\/uploads\/2026\/06\/image-36.png","type":"image\/png"}],"twitter_card":"summary_large_image","twitter_site":"@IPNunes","twitter_misc":{"Estimated reading time":"1 minute"},"schema":{"@context":"https:\/\/schema.org","@graph":[{"@type":"WebPage","@id":"https:\/\/www.ipn.pt\/evento\/webinar-nato-diana-prepare-a-candidatura-aos-challenges-2027\/","url":"https:\/\/www.ipn.pt\/evento\/webinar-nato-diana-prepare-a-candidatura-aos-challenges-2027\/","name":"Webinar NATO DIANA | Prepare a candidatura aos Challenges 2027 | Instituto Pedro Nunes","isPartOf":{"@id":"https:\/\/www.ipn.pt\/#website"},"primaryImageOfPage":{"@id":"https:\/\/www.ipn.pt\/evento\/webinar-nato-diana-prepare-a-candidatura-aos-challenges-2027\/#primaryimage"},"image":{"@id":"https:\/\/www.ipn.pt\/evento\/webinar-nato-diana-prepare-a-candidatura-aos-challenges-2027\/#primaryimage"},"thumbnailUrl":"https:\/\/www.ipn.pt\/wp-content\/uploads\/2026\/06\/image-36.png","datePublished":"2026-06-05T08:51:04+00:00","dateModified":"2026-06-23T10:55:02+00:00","breadcrumb":{"@id":"https:\/\/www.ipn.pt\/evento\/webinar-nato-diana-prepare-a-candidatura-aos-challenges-2027\/#breadcrumb"},"inLanguage":"en-GB","potentialAction":[{"@type":"ReadAction","target":["https:\/\/www.ipn.pt\/evento\/webinar-nato-diana-prepare-a-candidatura-aos-challenges-2027\/"]}]},{"@type":"ImageObject","inLanguage":"en-GB","@id":"https:\/\/www.ipn.pt\/evento\/webinar-nato-diana-prepare-a-candidatura-aos-challenges-2027\/#primaryimage","url":"https:\/\/www.ipn.pt\/wp-content\/uploads\/2026\/06\/image-36.png","contentUrl":"https:\/\/www.ipn.pt\/wp-content\/uploads\/2026\/06\/image-36.png","width":2560,"height":1440},{"@type":"BreadcrumbList","@id":"https:\/\/www.ipn.pt\/evento\/webinar-nato-diana-prepare-a-candidatura-aos-challenges-2027\/#breadcrumb","itemListElement":[{"@type":"ListItem","position":1,"name":"In\u00edcio","item":"https:\/\/www.ipn.pt\/"},{"@type":"ListItem","position":2,"name":"Eventos","item":"https:\/\/www.ipn.pt\/eventos\/"},{"@type":"ListItem","position":3,"name":"Webinar NATO DIANA | Prepare a candidatura aos Challenges 2027"}]},{"@type":"WebSite","@id":"https:\/\/www.ipn.pt\/#website","url":"https:\/\/www.ipn.pt\/","name":"IPN - Instituto Pedro Nunes","description":"Criado por iniciativa da Universidade de Coimbra em 1990, o Instituto Pedro Nunes (IPN) \u00e9 uma institui\u00e7\u00e3o privada sem fins lucrativos, que visa promover a inova\u00e7\u00e3o e a transfer\u00eancia de tecnologia, estabelecendo a liga\u00e7\u00e3o entre o meio cient\u00edfico e tecnol\u00f3gico e o tecido produtivo.","publisher":{"@id":"https:\/\/www.ipn.pt\/#organization"},"alternateName":"IPN","potentialAction":[{"@type":"SearchAction","target":{"@type":"EntryPoint","urlTemplate":"https:\/\/www.ipn.pt\/?s={search_term_string}"},"query-input":{"@type":"PropertyValueSpecification","valueRequired":true,"valueName":"search_term_string"}}],"inLanguage":"en-GB"},{"@type":"Organization","@id":"https:\/\/www.ipn.pt\/#organization","name":"IPN - Instituto Pedro Nunes","alternateName":"IPN","url":"https:\/\/www.ipn.pt\/","logo":{"@type":"ImageObject","inLanguage":"en-GB","@id":"https:\/\/www.ipn.pt\/#\/schema\/logo\/image\/","url":"https:\/\/www.ipn.pt\/wp-content\/uploads\/2025\/01\/IPN-Logo.svg","contentUrl":"https:\/\/www.ipn.pt\/wp-content\/uploads\/2025\/01\/IPN-Logo.svg","width":99,"height":99,"caption":"IPN - Instituto Pedro Nunes"},"image":{"@id":"https:\/\/www.ipn.pt\/#\/schema\/logo\/image\/"},"sameAs":["http:\/\/www.facebook.com\/institutopedronunes","https:\/\/x.com\/IPNunes","http:\/\/www.linkedin.com\/company\/ipn","http:\/\/www.youtube.com\/user\/InstitutoPedroNunes","https:\/\/www.instagram.com\/institutopedronunes\/"]}]}},"_links":{"self":[{"href":"https:\/\/www.ipn.pt\/en\/wp-json\/wp\/v2\/tribe_events\/23329","targetHints":{"allow":["GET"]}}],"collection":[{"href":"https:\/\/www.ipn.pt\/en\/wp-json\/wp\/v2\/tribe_events"}],"about":[{"href":"https:\/\/www.ipn.pt\/en\/wp-json\/wp\/v2\/types\/tribe_events"}],"author":[{"embeddable":true,"href":"https:\/\/www.ipn.pt\/en\/wp-json\/wp\/v2\/users\/9"}],"version-history":[{"count":3,"href":"https:\/\/www.ipn.pt\/en\/wp-json\/wp\/v2\/tribe_events\/23329\/revisions"}],"predecessor-version":[{"id":23899,"href":"https:\/\/www.ipn.pt\/en\/wp-json\/wp\/v2\/tribe_events\/23329\/revisions\/23899"}],"wp:featuredmedia":[{"embeddable":true,"href":"https:\/\/www.ipn.pt\/en\/wp-json\/wp\/v2\/media\/23291"}],"wp:attachment":[{"href":"https:\/\/www.ipn.pt\/en\/wp-json\/wp\/v2\/media?parent=23329"}],"wp:term":[{"taxonomy":"post_tag","embeddable":true,"href":"https:\/\/www.ipn.pt\/en\/wp-json\/wp\/v2\/tags?post=23329"},{"taxonomy":"tribe_events_cat","embeddable":true,"href":"https:\/\/www.ipn.pt\/en\/wp-json\/wp\/v2\/tribe_events_cat?post=23329"}],"curies":[{"name":"wp","href":"https:\/\/api.w.org\/{rel}","templated":true}]}}